{"id":206,"date":"2026-03-15T09:37:19","date_gmt":"2026-03-15T09:37:19","guid":{"rendered":"http:\/\/www.chrigubruetsch.ch\/?page_id=206"},"modified":"2026-04-17T13:17:12","modified_gmt":"2026-04-17T13:17:12","slug":"__trashed","status":"publish","type":"page","link":"https:\/\/www.chrigubruetsch.ch\/index.php\/home\/__trashed\/","title":{"rendered":"Biud Musik Text"},"content":{"rendered":"\n<div class=\"wp-block-group alignfull has-custom-schwarz-color has-custom-braun-background-color has-text-color has-background has-link-color wp-elements-1 has-global-padding is-layout-constrained wp-container-core-group-is-layout-0f22d0a1 wp-block-group-is-layout-constrained\" style=\"padding-right:0;padding-left:0\">\n<div class=\"wp-block-columns alignfull is-layout-flex wp-container-core-columns-is-layout-0830beed wp-block-columns-is-layout-flex\" style=\"padding-right:var(--wp--preset--spacing--50);padding-left:var(--wp--preset--spacing--50)\">\n<div class=\"wp-block-column is-layout-flow wp-block-column-is-layout-flow\">\n<div style=\"height:24px\" aria-hidden=\"true\" class=\"wp-block-spacer\"><\/div>\n\n\n\n<h2 class=\"wp-block-heading is-style-default\" style=\"font-size:5vh\">z&#8217;Biud<\/h2>\n\n\n\n<div style=\"height:24px\" aria-hidden=\"true\" class=\"wp-block-spacer\"><\/div>\n\n\n\n<p class=\"wp-block-paragraph\">Ig hocke ufere Insle, pinsle a mim Biud,<br>sisch e Schm\u00e4tterling ufere Paume u drunger es Chind.<br>Sisch blind, het hunger, us nimmts wunger wos isch,<br>es f\u00fceut, w\u00fceut im Gras u fragt mi: &#8222;wo bisch?&#8220;<\/p>\n\n\n\n<p class=\"wp-block-paragraph\">S\u2019gh\u00f6rt mi chratze a mire Glatze, doch mini Fratze chas nid gseh,<br>denn d\u00f6rt woni bi, ischs wiis wi Schnee.<br>Sisch eis vo viune Schtiune, wo me nid gh\u00f6rt,<br>doch d\u2019Hoffnig ide Ouge, isch das won \u00fcs scht\u00f6rt<\/p>\n\n\n\n<p class=\"wp-block-paragraph\">Es geit \u00fcs ads Gw\u00fcsse, z\u2019w\u00fcsse mit \u00fcsne H\u00e4nd,<br>ch\u00f6nnt me nim h\u00e4ufe ine besseri W\u00e4ut.<br>Fertig mit\u2019em Biud, da hani d\u2019Idee,<br>i h\u00e4nkes ufe Dorfplatz, wos au ch\u00f6i gseh !<\/p>\n\n\n\n<div style=\"height:42px\" aria-hidden=\"true\" class=\"wp-block-spacer\"><\/div>\n\n\n\n<p class=\"wp-block-paragraph\">words &amp; music by chrigu br\u00fctsch<br>chrigu: Gesang, akustische Gitarren, Akkordeon, Kontra-Bass<\/p>\n\n\n\n<div style=\"height:24px\" aria-hidden=\"true\" class=\"wp-block-spacer\"><\/div>\n<\/div>\n\n\n\n<div class=\"wp-block-column is-vertically-aligned-center is-layout-flow wp-block-column-is-layout-flow\">\n<figure class=\"wp-block-image size-full is-resized\" style=\"margin-top:var(--wp--preset--spacing--60)\"><img loading=\"lazy\" decoding=\"async\" width=\"400\" height=\"400\" src=\"https:\/\/www.chrigubruetsch.ch\/wp-content\/uploads\/2026\/03\/Cover-Bild-tc.jpg\" alt=\"\" class=\"wp-image-103\" style=\"width:438px;height:auto\" srcset=\"https:\/\/www.chrigubruetsch.ch\/wp-content\/uploads\/2026\/03\/Cover-Bild-tc.jpg 400w, https:\/\/www.chrigubruetsch.ch\/wp-content\/uploads\/2026\/03\/Cover-Bild-tc-300x300.jpg 300w, https:\/\/www.chrigubruetsch.ch\/wp-content\/uploads\/2026\/03\/Cover-Bild-tc-150x150.jpg 150w\" sizes=\"auto, (max-width: 400px) 100vw, 400px\" \/><\/figure>\n\n\n\n<figure class=\"wp-block-audio\"><audio controls src=\"http:\/\/www.chrigubruetsch.ch\/wp-content\/uploads\/2026\/03\/11-zBild.wav\"><\/audio><\/figure>\n\n\n\n<h2 class=\"wp-block-heading\">h\u00f6ren auf:<\/h2>\n\n\n\n<figure class=\"wp-block-image size-large is-resized\"><a href=\"https:\/\/mx3.ch\/home\/search?q=heaven+Chrigu+br\u00fctsch\"><img loading=\"lazy\" decoding=\"async\" width=\"1024\" height=\"739\" src=\"http:\/\/www.chrigubruetsch.ch\/wp-content\/uploads\/2026\/02\/mx3_icon-1024x739.jpg\" alt=\"\" class=\"wp-image-75\" style=\"aspect-ratio:1.385671014403165;width:98px;height:auto\" srcset=\"https:\/\/www.chrigubruetsch.ch\/wp-content\/uploads\/2026\/02\/mx3_icon-1024x739.jpg 1024w, https:\/\/www.chrigubruetsch.ch\/wp-content\/uploads\/2026\/02\/mx3_icon-300x217.jpg 300w, https:\/\/www.chrigubruetsch.ch\/wp-content\/uploads\/2026\/02\/mx3_icon-768x555.jpg 768w, https:\/\/www.chrigubruetsch.ch\/wp-content\/uploads\/2026\/02\/mx3_icon-1536x1109.jpg 1536w, https:\/\/www.chrigubruetsch.ch\/wp-content\/uploads\/2026\/02\/mx3_icon-2048x1479.jpg 2048w\" sizes=\"auto, (max-width: 1024px) 100vw, 1024px\" \/><\/a><\/figure>\n\n\n\n<div style=\"height:24px\" aria-hidden=\"true\" class=\"wp-block-spacer\"><\/div>\n<\/div>\n<\/div>\n<\/div>\n","protected":false},"excerpt":{"rendered":"<p>z&#8217;Biud Ig hocke ufere Insle, pinsle a mim Biud,sisch e Schm\u00e4tterling ufere Paume u drunger es Chind.Sisch blind, het hunger, us nimmts wunger wos isch,es f\u00fceut, w\u00fceut im Gras u fragt mi: &#8222;wo bisch?&#8220; S\u2019gh\u00f6rt mi chratze a mire Glatze, doch mini Fratze chas nid gseh,denn d\u00f6rt woni bi, ischs wiis wi Schnee.Sisch eis vo [&hellip;]<\/p>\n","protected":false},"author":1,"featured_media":0,"parent":6,"menu_order":0,"comment_status":"closed","ping_status":"closed","template":"page-no-title","meta":{"footnotes":""},"class_list":["post-206","page","type-page","status-publish","hentry"],"_links":{"self":[{"href":"https:\/\/www.chrigubruetsch.ch\/index.php\/wp-json\/wp\/v2\/pages\/206","targetHints":{"allow":["GET"]}}],"collection":[{"href":"https:\/\/www.chrigubruetsch.ch\/index.php\/wp-json\/wp\/v2\/pages"}],"about":[{"href":"https:\/\/www.chrigubruetsch.ch\/index.php\/wp-json\/wp\/v2\/types\/page"}],"author":[{"embeddable":true,"href":"https:\/\/www.chrigubruetsch.ch\/index.php\/wp-json\/wp\/v2\/users\/1"}],"replies":[{"embeddable":true,"href":"https:\/\/www.chrigubruetsch.ch\/index.php\/wp-json\/wp\/v2\/comments?post=206"}],"version-history":[{"count":36,"href":"https:\/\/www.chrigubruetsch.ch\/index.php\/wp-json\/wp\/v2\/pages\/206\/revisions"}],"predecessor-version":[{"id":585,"href":"https:\/\/www.chrigubruetsch.ch\/index.php\/wp-json\/wp\/v2\/pages\/206\/revisions\/585"}],"up":[{"embeddable":true,"href":"https:\/\/www.chrigubruetsch.ch\/index.php\/wp-json\/wp\/v2\/pages\/6"}],"wp:attachment":[{"href":"https:\/\/www.chrigubruetsch.ch\/index.php\/wp-json\/wp\/v2\/media?parent=206"}],"curies":[{"name":"wp","href":"https:\/\/api.w.org\/{rel}","templated":true}]}}